{"id":2749,"date":"2017-02-14T08:13:28","date_gmt":"2017-02-14T08:13:28","guid":{"rendered":"http:\/\/ed.aislinthemes.com\/?page_id=651"},"modified":"2026-02-23T13:39:15","modified_gmt":"2026-02-23T11:39:15","slug":"vesture-un-attistiba","status":"publish","type":"page","link":"https:\/\/www.rchv.lv\/web\/par-mums\/vesture-un-attistiba","title":{"rendered":"V\u0113sture un att\u012bst\u012bba"},"content":{"rendered":"<div class=\"vc_row wpb_row vc_row-fluid vc_custom_1501154025747\"><div class=\"wpb_column vc_column_container vc_col-sm-6\"><div class=\"vc_column-inner vc_custom_1490017810346\"><div class=\"wpb_wrapper\"><h1 style=\"text-align: left\" class=\"vc_custom_heading vc_custom_1581891353475\" >V\u0113sture<\/h1><h4 style=\"text-align: left\" class=\"vc_custom_heading\" >140 gados \u2013 no meite\u0146u skolas l\u012bdz R\u012bgas Centra humanit\u0101rajai vidusskolai.<\/h4><\/div><\/div><\/div><div class=\"wpb_column vc_column_container vc_col-sm-6\"><div class=\"vc_column-inner\"><div class=\"wpb_wrapper\">\n\t<div  class=\"wpb_single_image wpb_content_element vc_align_left\">\n\t\t\n\t\t<figure class=\"wpb_wrapper vc_figure\">\n\t\t\t<div class=\"vc_single_image-wrapper   vc_box_border_grey\"><img loading=\"lazy\" decoding=\"async\" width=\"300\" height=\"200\" src=\"https:\/\/www.rchv.lv\/web\/wp-content\/uploads\/2020\/05\/skola-scaled-300x200.jpg\" class=\"vc_single_image-img attachment-medium\" alt=\"\" srcset=\"https:\/\/www.rchv.lv\/web\/wp-content\/uploads\/2020\/05\/skola-scaled-300x200.jpg 300w, https:\/\/www.rchv.lv\/web\/wp-content\/uploads\/2020\/05\/skola-scaled-1024x684.jpg 1024w, https:\/\/www.rchv.lv\/web\/wp-content\/uploads\/2020\/05\/skola-scaled-18x12.jpg 18w\" sizes=\"auto, (max-width: 300px) 100vw, 300px\" \/><\/div>\n\t\t<\/figure>\n\t<\/div>\n<\/div><\/div><\/div><\/div><div class=\"vc_row wpb_row vc_row-fluid vc_custom_1487939485688\"><div class=\"wpb_column vc_column_container vc_col-sm-12\"><div class=\"vc_column-inner\"><div class=\"wpb_wrapper\">\n\t\t\t\t\t<div class=\"wh-theme-icon  scp_theme_icon-7962e30bf4fc3112f6a19b248c14e0bd\">\n\t\t\t\t<i class=\"icon-edclock-one\"><\/i>\n\t\t\t<\/div>\n\t\t\t\t<h5 style=\"text-align: left\" class=\"vc_custom_heading vc_custom_1581892154478\" >1885. gads<\/h5>\n\t<div class=\"wpb_text_column wpb_content_element  vc_custom_1740746199394\" >\n\t\t<div class=\"wpb_wrapper\">\n\t\t\t<p>1885.gada 16.august\u0101 R\u012bgas pils\u0113tas valde atv\u0113ra R\u012bg\u0101, Kr. Barona iel\u0101 46 <b>Pils\u0113tas latvie\u0161u meite\u0146u element\u0101rskolu<\/b>. T\u0101 bija pirm\u0101 meite\u0146u element\u0101rskola R\u012bg\u0101, kur m\u0101c\u012bbas notika latvie\u0161u valod\u0101. 1907. gad\u0101 \u0161o vienklas\u012bgo meite\u0146u element\u0101rskolu p\u0101rveidoja par divklas\u012bgu.<\/p>\n\n\t\t<\/div>\n\t<\/div>\n\n\t\t\t\t\t<div class=\"wh-theme-icon  scp_theme_icon-7962e30bf4fc3112f6a19b248c14e0bd\">\n\t\t\t\t<i class=\"icon-edclock-one\"><\/i>\n\t\t\t<\/div>\n\t\t\t\t<h5 style=\"text-align: left\" class=\"vc_custom_heading vc_custom_1771846369284\" >1914. gads<\/h5>\n\t<div class=\"wpb_text_column wpb_content_element  vc_custom_1771846379429\" >\n\t\t<div class=\"wpb_wrapper\">\n\t\t\t<p>R\u012bg\u0101 uzc\u0113la jaunu skolas \u0113ku T\u0113rbatas un Bru\u0146inieku ielas st\u016br\u012b, un\u00a0 Pils\u0113tas meite\u0146u element\u0101rskolu no Kr. Barona ielas 46 p\u0101rvietoja uz jauncelto \u0113ku. Jaun\u0101 skola ieguva ar\u012b jaunu nosaukumu &#8211; <b>Pils\u0113tas Savienot\u0101 element\u0101rskola<\/b>, kas bija tr\u012bsklas\u012bga pirmm\u0101c\u012bbas skola. \u0160aj\u0101 skol\u0101 skol\u0113ni m\u0101c\u012bj\u0101s no 1. \u2013 3. klasei, bija 12 kla\u0161u komplekti, pavisam 627 skol\u0113ni, 13 pedagogi. Skol\u0101 pasniedza \u0161\u0101dus priek\u0161metus: latvie\u0161u valodu, krievu valodu, r\u0113\u0137in\u0101\u0161anu, \u0123eogr\u0101fiju, dabas m\u0101c\u012bbu, dzied\u0101\u0161anu, dai\u013crakst\u012b\u0161anu, vingro\u0161anu, rokdarbus (meiten\u0113m), tic\u012bbas m\u0101c\u012bbu. M\u0101c\u012bbu valoda, k\u0101 vis\u0101s pirmm\u0101c\u012bbas skol\u0101s, bija krievu valoda.<\/p>\n\n\t\t<\/div>\n\t<\/div>\n\n\t\t\t\t\t<div class=\"wh-theme-icon  scp_theme_icon-7962e30bf4fc3112f6a19b248c14e0bd\">\n\t\t\t\t<i class=\"icon-edclock-one\"><\/i>\n\t\t\t<\/div>\n\t\t\t\t<h5 style=\"text-align: left\" class=\"vc_custom_heading vc_custom_1581892200822\" >1917. gada 15. oktobris<\/h5>\n\t<div class=\"wpb_text_column wpb_content_element  vc_custom_1585845155633\" >\n\t\t<div class=\"wpb_wrapper\">\n\t\t\t<p>Skolu atkal tiek atv\u0113rta ar latvie\u0161u m\u0101c\u012bbu valodu. Z\u0113nus un meitenes m\u0101ca atsevi\u0161\u0137i.<\/p>\n\n\t\t<\/div>\n\t<\/div>\n\n\t\t\t\t\t<div class=\"wh-theme-icon  scp_theme_icon-7962e30bf4fc3112f6a19b248c14e0bd\">\n\t\t\t\t<i class=\"icon-edclock-one\"><\/i>\n\t\t\t<\/div>\n\t\t\t\t<h5 style=\"text-align: left\" class=\"vc_custom_heading vc_custom_1771846420514\" >1924.\/1925. m\u0101c\u012bbu gads<\/h5>\n\t<div class=\"wpb_text_column wpb_content_element  vc_custom_1771846451220\" >\n\t\t<div class=\"wpb_wrapper\">\n\t\t\t<div class=\"x_ydp565ac325wpb_text_column x_ydp565ac325wpb_content_element x_ydp565ac325vc_custom_1585845165482\">\n<div class=\"x_ydp565ac325wpb_wrapper\">\n<div dir=\"ltr\">\n<p>Vis\u0101m R\u012bgas pamatsskol\u0101m 1924. gad\u0101 pie\u0161\u0137\u012bra numurs, par pamatu \u0146emot skolas vecumu. Pils\u0113tas Pils\u0113tas valde p\u0101rd\u0113v\u0113ja \u0161o skolu par R\u012bgas pils\u0113tas 8. pamatskolu. Dodot \u0161ai skolai astoto numuru, tika \u0146emts v\u0113r\u0101 Meite\u0146u element\u0101rskolas vecums. Kaut ar\u012b nosaukuma mai\u0146a neko b\u016btisku skolas dz\u012bv\u0113 nemain\u012bja, 1924.\/1925. m\u0101c\u012bbu gadu var uzskat\u012bt par jaunu s\u0101kumu un trauksmaina, gandr\u012bz desmit<\/p>\n<div>\n<div>gadus ilga skolas v\u0113stures posma nosl\u0113guma z\u012bmi.<\/div>\n<\/div>\n<\/div>\n<div>Skola k\u013c\u016bst se\u0161gad\u012bga ar div\u0101m pirmsskolas klas\u0113m, ir 14 klases, skol\u0101 m\u0101c\u0101s 544 skol\u0113ni un str\u0101d\u0101 20 skolot\u0101ji.<\/div>\n<\/div>\n<\/div>\n\n\t\t<\/div>\n\t<\/div>\n\n\t\t\t\t\t<div class=\"wh-theme-icon  scp_theme_icon-7962e30bf4fc3112f6a19b248c14e0bd\">\n\t\t\t\t<i class=\"icon-edclock-one\"><\/i>\n\t\t\t<\/div>\n\t\t\t\t<h5 style=\"text-align: left\" class=\"vc_custom_heading vc_custom_1581892578108\" >1937. - 1940. gads<\/h5>\n\t<div class=\"wpb_text_column wpb_content_element  vc_custom_1585845183242\" >\n\t\t<div class=\"wpb_wrapper\">\n\t\t\t<p>Skolas nosaukums &#8211; Galvaspils\u0113tas R\u012bgas Maija 8. pamatskola.<\/p>\n\n\t\t<\/div>\n\t<\/div>\n\n\t\t\t\t\t<div class=\"wh-theme-icon  scp_theme_icon-7962e30bf4fc3112f6a19b248c14e0bd\">\n\t\t\t\t<i class=\"icon-edclock-one\"><\/i>\n\t\t\t<\/div>\n\t\t\t\t<h5 style=\"text-align: left\" class=\"vc_custom_heading vc_custom_1581892610363\" >1940. - 1941. gads<\/h5>\n\t<div class=\"wpb_text_column wpb_content_element  vc_custom_1581892633589\" >\n\t\t<div class=\"wpb_wrapper\">\n\t\t\t<p>No 1940. l\u012bdz 1941. gadam skolas nosaukums bija R\u012bgas pils\u0113tas 28. nepiln\u0101 vidusskola ar latvie\u0161u m\u0101c\u012bbu valodu.<\/p>\n\n\t\t<\/div>\n\t<\/div>\n\n\t\t\t\t\t<div class=\"wh-theme-icon  scp_theme_icon-7962e30bf4fc3112f6a19b248c14e0bd\">\n\t\t\t\t<i class=\"icon-edclock-one\"><\/i>\n\t\t\t<\/div>\n\t\t\t\t<h5 style=\"text-align: left\" class=\"vc_custom_heading vc_custom_1581892669413\" >1941. - 1942. gads<\/h5>\n\t<div class=\"wpb_text_column wpb_content_element  vc_custom_1581892681011\" >\n\t\t<div class=\"wpb_wrapper\">\n\t\t\t<p>Kara laik\u0101 no 1941. l\u012bdz 1942. gadam skolas nosaukums bija R\u012bgas pils\u0113tas 8. pamatskola, no 1942. l\u012bdz 1944. gadam R\u012bgas pils\u0113tas 8. tautskola. Past\u0101v\u012bg\u0101s skolas telpas Bru\u0146inieku iel\u0101 24a aiz\u0146\u0113ma v\u0101cu karasp\u0113ks un skola darboj\u0101s div\u0101s viet\u0101s: \u0122ertr\u016bdes iel\u0101 32 un Aizsargu iel\u0101 24\/26 (1941\/1942. m.g.), Ad. Hitlera iel\u0101 48 un Aizsargu iel\u0101 24\/26 (1942.\/1943. m.g.), Jorka iel\u0101 10 un Aizsargu iel\u0101 24\/26 (1943.\/1944.m.g.). R\u012bgas pils\u0113tas 8. tautskola ar 1945. gada 1. janv\u0101ri tika p\u0101rd\u0113v\u0113ta par R\u012bgas pils\u0113tas 8. pamatskolu. Skola atgriez\u0101s Bru\u0146inieku iel\u0101 24a.<\/p>\n\n\t\t<\/div>\n\t<\/div>\n\n\t\t\t\t\t<div class=\"wh-theme-icon  scp_theme_icon-7962e30bf4fc3112f6a19b248c14e0bd\">\n\t\t\t\t<i class=\"icon-edclock-one\"><\/i>\n\t\t\t<\/div>\n\t\t\t\t<h5 style=\"text-align: left\" class=\"vc_custom_heading vc_custom_1581892707108\" >1955. gada 1. septembris<\/h5>\n\t<div class=\"wpb_text_column wpb_content_element  vc_custom_1581892718485\" >\n\t\t<div class=\"wpb_wrapper\">\n\t\t\t<p>Ievie\u0161ot visp\u0101r\u0113jo vid\u0113jo izgl\u012bt\u012bbu, R\u012bgas 8. pamatskola ar 1955. gada 1. septembri tika reorganiz\u0113ta par R\u012bgas 50. vidusskolu.<\/p>\n\n\t\t<\/div>\n\t<\/div>\n\n\t\t\t\t\t<div class=\"wh-theme-icon  scp_theme_icon-7962e30bf4fc3112f6a19b248c14e0bd\">\n\t\t\t\t<i class=\"icon-edclock-one\"><\/i>\n\t\t\t<\/div>\n\t\t\t\t<h5 style=\"text-align: left\" class=\"vc_custom_heading vc_custom_1581892761132\" >1959. gads<\/h5>\n\t<div class=\"wpb_text_column wpb_content_element  vc_custom_1771846491884\" >\n\t\t<div class=\"wpb_wrapper\">\n\t\t\t<p>R\u012bgas 50. vidusskolu absolv\u0113ja pirmais vidusskolas izlaidums. Tolaik m\u0101c\u012bbas vidusskol\u0101 ir \u010detrus gadus.<\/p>\n\n\t\t<\/div>\n\t<\/div>\n\n\t\t\t\t\t<div class=\"wh-theme-icon  scp_theme_icon-7962e30bf4fc3112f6a19b248c14e0bd\">\n\t\t\t\t<i class=\"icon-edclock-one\"><\/i>\n\t\t\t<\/div>\n\t\t\t\t<h5 style=\"text-align: left\" class=\"vc_custom_heading vc_custom_1771846538729\" >1962. gads<\/h5>\n\t<div class=\"wpb_text_column wpb_content_element  vc_custom_1771846587949\" >\n\t\t<div class=\"wpb_wrapper\">\n\t\t\t<div>1962.\/1963. m\u0101c\u012bbu gad\u0101 R\u012bgas 50. vidusskol\u0101 s\u0101ka padzi\u013cin\u0101tas ang\u013cu valodas m\u0101c\u012bbas. S\u0101kum\u0101 ang\u013cu valodas m\u0101c\u012bbas ieviestas, s\u0101kot ar 3. klasi, bet pirmaj\u0101s div\u0101s klas\u0113s par ang\u013cu valodas papildu m\u0101c\u012b\u0161anu b\u0113rniem bija j\u0101maks\u0101 vec\u0101kiem.<\/div>\n\n\t\t<\/div>\n\t<\/div>\n\n\t\t\t\t\t<div class=\"wh-theme-icon  scp_theme_icon-7962e30bf4fc3112f6a19b248c14e0bd\">\n\t\t\t\t<i class=\"icon-edclock-one\"><\/i>\n\t\t\t<\/div>\n\t\t\t\t<h5 style=\"text-align: left\" class=\"vc_custom_heading vc_custom_1581892810543\" >1971. gad\u0101 26. janv\u0101ris<\/h5>\n\t<div class=\"wpb_text_column wpb_content_element  vc_custom_1585845209789\" >\n\t\t<div class=\"wpb_wrapper\">\n\t\t\t<p>Vidusskola tiek p\u0101rcelta uz jaunuzcelto \u0113ku Kr. Barona iel\u0101 97a.<\/p>\n\n\t\t<\/div>\n\t<\/div>\n\n\t\t\t\t\t<div class=\"wh-theme-icon  scp_theme_icon-7962e30bf4fc3112f6a19b248c14e0bd\">\n\t\t\t\t<i class=\"icon-edclock-one\"><\/i>\n\t\t\t<\/div>\n\t\t\t\t<h5 style=\"text-align: left\" class=\"vc_custom_heading vc_custom_1581892847127\" >1990. gada 15. oktobris<\/h5>\n\t<div class=\"wpb_text_column wpb_content_element  vc_custom_1581892855631\" >\n\t\t<div class=\"wpb_wrapper\">\n\t\t\t<p>R\u012bgas 50. vidusskola ar 1990. gada 15. oktobri tika p\u0101rd\u0113v\u0113ta par R\u012bgas Centra humanit\u0101ro \u0123imn\u0101ziju.<\/p>\n\n\t\t<\/div>\n\t<\/div>\n\n\t\t\t\t\t<div class=\"wh-theme-icon  scp_theme_icon-7962e30bf4fc3112f6a19b248c14e0bd\">\n\t\t\t\t<i class=\"icon-edclock-one\"><\/i>\n\t\t\t<\/div>\n\t\t\t\t<h5 style=\"text-align: left\" class=\"vc_custom_heading vc_custom_1581893015860\" >2001. gada 26. apr\u012blis<\/h5>\n\t<div class=\"wpb_text_column wpb_content_element  vc_custom_1585845238473\" >\n\t\t<div class=\"wpb_wrapper\">\n\t\t\t<p>Tika main\u012bts R\u012bgas Centra humanit\u0101r\u0101s \u0123imn\u0101zijas nosaukums. Skola tika p\u0101rd\u0113v\u0113ta par R\u012bgas Centra humanit\u0101ro vidusskolu.<\/p>\n\n\t\t<\/div>\n\t<\/div>\n\n\t\t\t\t\t<div class=\"wh-theme-icon  scp_theme_icon-7962e30bf4fc3112f6a19b248c14e0bd\">\n\t\t\t\t<i class=\"icon-edclock-one\"><\/i>\n\t\t\t<\/div>\n\t\t\t\t<h5 style=\"text-align: left\" class=\"vc_custom_heading vc_custom_1585845079244\" >2013. gads<\/h5>\n\t<div class=\"wpb_text_column wpb_content_element  vc_custom_1585845089939\" >\n\t\t<div class=\"wpb_wrapper\">\n\t\t\t<p>Savu darb\u012bbu ats\u0101ka deju kolekt\u012bvs \u201c\u0136imen\u012bte\u201d.<\/p>\n\n\t\t<\/div>\n\t<\/div>\n\n\t\t\t\t\t<div class=\"wh-theme-icon  scp_theme_icon-7962e30bf4fc3112f6a19b248c14e0bd\">\n\t\t\t\t<i class=\"icon-edclock-one\"><\/i>\n\t\t\t<\/div>\n\t\t\t\t<h5 style=\"text-align: left\" class=\"vc_custom_heading vc_custom_1585845357029\" >2014. gads<\/h5>\n\t<div class=\"wpb_text_column wpb_content_element  vc_custom_1585845347768\" >\n\t\t<div class=\"wpb_wrapper\">\n\t\t\t<p>L\u012bdz 2014. gadam m\u0101c\u012bbas notika div\u0101s mai\u0146\u0101s. No 2014. gada 1.,2. klases m\u0101c\u012bbas uzs\u0101ka otraj\u0101 skolas \u0113k\u0101 Kri\u0161j\u0101\u0146a Barona 116.<\/p>\n\n\t\t<\/div>\n\t<\/div>\n\n\t\t\t\t\t<div class=\"wh-theme-icon  scp_theme_icon-7962e30bf4fc3112f6a19b248c14e0bd\">\n\t\t\t\t<i class=\"icon-edclock-one\"><\/i>\n\t\t\t<\/div>\n\t\t\t\t<h5 style=\"text-align: left\" class=\"vc_custom_heading vc_custom_1585845389197\" >2016. gads<\/h5>\n\t<div class=\"wpb_text_column wpb_content_element  vc_custom_1585845407605\" >\n\t\t<div class=\"wpb_wrapper\">\n\t\t\t<p>Skol\u0113nu skaits p\u0101rsniedz 1000.<\/p>\n\n\t\t<\/div>\n\t<\/div>\n\n\t<div class=\"wpb_text_column wpb_content_element  vc_custom_1585845446745\" >\n\t\t<div class=\"wpb_wrapper\">\n\t\t\t<p>No 2016. gad\u0101 skolas \u0113k\u0101 Kri\u0161j\u0101\u0146a Barona iel\u0101 116 m\u0101c\u0101s 1. \u2013 4.klases un Kri\u0161j\u0101\u0146a Barona iel\u0101 97A m\u0101c\u0101s 5. \u2013 12. klases.<\/p>\n\n\t\t<\/div>\n\t<\/div>\n\n\t\t\t\t\t<div class=\"wh-theme-icon  scp_theme_icon-7962e30bf4fc3112f6a19b248c14e0bd\">\n\t\t\t\t<i class=\"icon-edclock-one\"><\/i>\n\t\t\t<\/div>\n\t\t\t\t<h5 style=\"text-align: left\" class=\"vc_custom_heading vc_custom_1585845481956\" >2017. gads<\/h5>\n\t<div class=\"wpb_text_column wpb_content_element  vc_custom_1585845499507\" >\n\t\t<div class=\"wpb_wrapper\">\n\t\t\t<p>No 2017. gada 19. septembra skola ieguva papildu teritoriju Kri\u0161j\u0101\u0146a Barona iel\u0101 116A \u2013 Centra sporta kvart\u0101lu.<\/p>\n\n\t\t<\/div>\n\t<\/div>\n\n\t\t\t\t\t<div class=\"wh-theme-icon  scp_theme_icon-7962e30bf4fc3112f6a19b248c14e0bd\">\n\t\t\t\t<i class=\"icon-edclock-one\"><\/i>\n\t\t\t<\/div>\n\t\t\t\t<h5 style=\"text-align: left\" class=\"vc_custom_heading vc_custom_1585845542238\" >2019. gads<\/h5>\n\t<div class=\"wpb_text_column wpb_content_element  vc_custom_1588654645137\" >\n\t\t<div class=\"wpb_wrapper\">\n\t\t\t<p>Skol\u0101 m\u0101c\u0101s 1110 skol\u0113nu, str\u0101d\u0101 99 pedagogi un 62 tehniskie darbinieki.<\/p>\n\n\t\t<\/div>\n\t<\/div>\n\n\t\t\t\t\t<div class=\"wh-theme-icon  scp_theme_icon-7962e30bf4fc3112f6a19b248c14e0bd\">\n\t\t\t\t<i class=\"icon-edclock-one\"><\/i>\n\t\t\t<\/div>\n\t\t\t\t<h5 style=\"text-align: left\" class=\"vc_custom_heading vc_custom_1585845607406\" >2020. gads<\/h5>\n\t<div class=\"wpb_text_column wpb_content_element  vc_custom_1585845616746\" >\n\t\t<div class=\"wpb_wrapper\">\n\t\t\t<p>\u0160ogad svin\u0113sim skolas 135 gadu jubileju!<\/p>\n\n\t\t<\/div>\n\t<\/div>\n\n\t\t\t\t\t<div class=\"wh-theme-icon  scp_theme_icon-7962e30bf4fc3112f6a19b248c14e0bd\">\n\t\t\t\t<i class=\"icon-edclock-one\"><\/i>\n\t\t\t<\/div>\n\t\t\t\t<h5 style=\"text-align: left\" class=\"vc_custom_heading vc_custom_1740746259159\" >2025.\/2026. m\u0101c\u012bbu gads<\/h5>\n\t<div class=\"wpb_text_column wpb_content_element  vc_custom_1740746245929\" >\n\t\t<div class=\"wpb_wrapper\">\n\t\t\t<p>2025.\/2026. m\u0101c\u012bbu gada laik\u0101 svin\u0113sim skolas 140 gadu jubileju!<\/p>\n\n\t\t<\/div>\n\t<\/div>\n<div class=\"vc_empty_space\"   style=\"height: 32px\"><span class=\"vc_empty_space_inner\"><\/span><\/div><\/div><\/div><\/div><\/div><div class=\"vc_row wpb_row vc_row-fluid\"><div class=\"wpb_column vc_column_container vc_col-sm-12\"><div class=\"vc_column-inner\"><div class=\"wpb_wrapper\"><h2 style=\"text-align: left\" class=\"vc_custom_heading vc_custom_1581893283858\" >Skolas himna<\/h2>\n\t<div class=\"wpb_text_column wpb_content_element \" >\n\t\t<div class=\"wpb_wrapper\">\n\t\t\t<div><strong>Dzimt\u0101 skola<\/strong><\/div>\n<div>Komponists: M. Celminskis<\/div>\n<div>Teksta autors: I.Egl\u012bte<\/div>\n\n\t\t<\/div>\n\t<\/div>\n<\/div><\/div><\/div><div class=\"wpb_column vc_column_container vc_col-sm-12\"><div class=\"vc_column-inner\"><div class=\"wpb_wrapper\"><\/div><\/div><\/div><\/div><div class=\"vc_row wpb_row vc_row-fluid vc_custom_1489756877733 vc_column-gap-10\"><div class=\"wpb_column vc_column_container vc_col-sm-6\"><div class=\"vc_column-inner\"><div class=\"wpb_wrapper\">\n\t\t\t\t\t<div class=\"wh-theme-icon vc_custom_1487079174674  scp_theme_icon-a21b78d7248bbb9a7a0fd3a4b079a3e1\">\n\t\t\t\t<i class=\"icon-edclock-one\"><\/i>\n\t\t\t<\/div>\n\t\t\t\t\n\t<div class=\"wpb_text_column wpb_content_element  vc_custom_1581891960335\" >\n\t\t<div class=\"wpb_wrapper\">\n\t\t\t<div>\n<div>Tevi, dzimt\u0101 skola, sird\u012b nesam,<\/div>\n<div>Mums ar Tevi dz\u012bv\u0113 saist\u012bts daudz.<\/div>\n<div>Te k\u0101 b\u0113rni atn\u0101ku\u0161i esam,<\/div>\n<div>Te m\u016bs t\u0101li ce\u013ci dz\u012bv\u0113 sauks.<\/div>\n<\/div>\n\n\t\t<\/div>\n\t<\/div>\n<\/div><\/div><\/div><div class=\"wpb_column vc_column_container vc_col-sm-6\"><div class=\"vc_column-inner\"><div class=\"wpb_wrapper\">\n\t\t\t\t\t<div class=\"wh-theme-icon vc_custom_1487079174674  scp_theme_icon-a21b78d7248bbb9a7a0fd3a4b079a3e1\">\n\t\t\t\t<i class=\"icon-edclock-one\"><\/i>\n\t\t\t<\/div>\n\t\t\t\t<h6 style=\"font-size: 14px;color: #000000;text-align: left\" class=\"vc_custom_heading vc_custom_1581891844191\" >piedzied\u0101jums<\/h6>\n\t<div class=\"wpb_text_column wpb_content_element  vc_custom_1581891718191\" >\n\t\t<div class=\"wpb_wrapper\">\n\t\t\t<div>\n<div>Piedz.: Zem skolas kasta\u0146\u0101m<\/div>\n<div>Plaukst gai\u0161i sap\u0146i par dien\u0101m t\u0101l\u0101k\u0101m.<\/div>\n<div>Zem skolas kasta\u0146\u0101m,<\/div>\n<div>M\u0113s sap\u0146ojam par dz\u012bves uzvar\u0101m.<\/div>\n<\/div>\n\n\t\t<\/div>\n\t<\/div>\n<\/div><\/div><\/div><\/div><div class=\"vc_row wpb_row vc_row-fluid vc_custom_1489756930731 vc_column-gap-10\"><div class=\"wpb_column vc_column_container vc_col-sm-6\"><div class=\"vc_column-inner\"><div class=\"wpb_wrapper\">\n\t\t\t\t\t<div class=\"wh-theme-icon vc_custom_1487079174674  scp_theme_icon-a21b78d7248bbb9a7a0fd3a4b079a3e1\">\n\t\t\t\t<i class=\"icon-edclock-one\"><\/i>\n\t\t\t<\/div>\n\t\t\t\t\n\t<div class=\"wpb_text_column wpb_content_element  vc_custom_1581891938696\" >\n\t\t<div class=\"wpb_wrapper\">\n\t\t\t<div>Paies gadi, m\u016bsu ce\u013ci \u0161\u0137irsies,<\/div>\n<div>Katru sav\u0101 darb\u0101 dz\u012bve sauks.<\/div>\n<div>Tom\u0113r skolu piemin\u0113sim, draugi,<\/div>\n<div>Tad, kad kasta\u0146as aiz loga plauks.<\/div>\n\n\t\t<\/div>\n\t<\/div>\n<div class=\"vc_empty_space\"   style=\"height: 32px\"><span class=\"vc_empty_space_inner\"><\/span><\/div>\n\t\t\t\t\t<div class=\"wh-theme-icon vc_custom_1487079174674  scp_theme_icon-a21b78d7248bbb9a7a0fd3a4b079a3e1\">\n\t\t\t\t<i class=\"icon-edclock-one\"><\/i>\n\t\t\t<\/div>\n\t\t\t\t\n\t<div class=\"wpb_text_column wpb_content_element  vc_custom_1585844849205\" >\n\t\t<div class=\"wpb_wrapper\">\n\t\t\t<div>Draudz\u012bbu, ko skolas gados guv\u0101m,<br \/>\nCauri visai dz\u012bvei nes\u012bs sirds.<br \/>\nTe m\u0113s izaug\u0101m un stipri k\u013cuv\u0101m,<br \/>\nT\u0101d\u0113\u013c Tevi, skola, neaizmirst!<\/div>\n\n\t\t<\/div>\n\t<\/div>\n<\/div><\/div><\/div><div class=\"wpb_column vc_column_container vc_col-sm-6\"><div class=\"vc_column-inner\"><div class=\"wpb_wrapper\">\n\t<div  class=\"wpb_single_image wpb_content_element vc_align_left\">\n\t\t\n\t\t<figure class=\"wpb_wrapper vc_figure\">\n\t\t\t<div class=\"vc_single_image-wrapper   vc_box_border_grey\"><img loading=\"lazy\" decoding=\"async\" width=\"300\" height=\"300\" src=\"https:\/\/www.rchv.lv\/web\/wp-content\/uploads\/2020\/05\/RCHV_logo-03-300x300.jpg\" class=\"vc_single_image-img attachment-medium\" alt=\"\" srcset=\"https:\/\/www.rchv.lv\/web\/wp-content\/uploads\/2020\/05\/RCHV_logo-03-300x300.jpg 300w, https:\/\/www.rchv.lv\/web\/wp-content\/uploads\/2020\/05\/RCHV_logo-03-150x150.jpg 150w, https:\/\/www.rchv.lv\/web\/wp-content\/uploads\/2020\/05\/RCHV_logo-03-1024x1024.jpg 1024w, https:\/\/www.rchv.lv\/web\/wp-content\/uploads\/2020\/05\/RCHV_logo-03-12x12.jpg 12w\" sizes=\"auto, (max-width: 300px) 100vw, 300px\" \/><\/div>\n\t\t<\/figure>\n\t<\/div>\n<\/div><\/div><\/div><\/div><div class=\"vc_row wpb_row vc_row-fluid\"><div class=\"wpb_column vc_column_container vc_col-sm-12\"><div class=\"vc_column-inner\"><div class=\"wpb_wrapper\"><div class=\"vc_empty_space\"   style=\"height: 55px\"><span class=\"vc_empty_space_inner\"><\/span><\/div><\/div><\/div><\/div><\/div>\n","protected":false},"excerpt":{"rendered":"V\u0113sture140 gados \u2013 no meite\u0146u skolas l\u012bdz R\u012bgas Centra humanit\u0101rajai vidusskolai. 1885. gads 1885.gada 16.august\u0101 R\u012bgas pils\u0113tas valde atv\u0113ra R\u012bg\u0101,&nbsp;<a href=\"https:\/\/www.rchv.lv\/web\/par-mums\/vesture-un-attistiba\">&hellip;<\/a>","protected":false},"author":1,"featured_media":0,"parent":2758,"menu_order":6,"comment_status":"closed","ping_status":"closed","template":"template-sidebar-right-childpages.php","meta":{"inline_featured_image":false,"footnotes":""},"class_list":["post-2749","page","type-page","status-publish","hentry","odd"],"_links":{"self":[{"href":"https:\/\/www.rchv.lv\/web\/wp-json\/wp\/v2\/pages\/2749","targetHints":{"allow":["GET"]}}],"collection":[{"href":"https:\/\/www.rchv.lv\/web\/wp-json\/wp\/v2\/pages"}],"about":[{"href":"https:\/\/www.rchv.lv\/web\/wp-json\/wp\/v2\/types\/page"}],"author":[{"embeddable":true,"href":"https:\/\/www.rchv.lv\/web\/wp-json\/wp\/v2\/users\/1"}],"replies":[{"embeddable":true,"href":"https:\/\/www.rchv.lv\/web\/wp-json\/wp\/v2\/comments?post=2749"}],"version-history":[{"count":58,"href":"https:\/\/www.rchv.lv\/web\/wp-json\/wp\/v2\/pages\/2749\/revisions"}],"predecessor-version":[{"id":13356,"href":"https:\/\/www.rchv.lv\/web\/wp-json\/wp\/v2\/pages\/2749\/revisions\/13356"}],"up":[{"embeddable":true,"href":"https:\/\/www.rchv.lv\/web\/wp-json\/wp\/v2\/pages\/2758"}],"wp:attachment":[{"href":"https:\/\/www.rchv.lv\/web\/wp-json\/wp\/v2\/media?parent=2749"}],"curies":[{"name":"wp","href":"https:\/\/api.w.org\/{rel}","templated":true}]}}